{"id":18,"date":"2024-01-22T18:45:21","date_gmt":"2024-01-22T17:45:21","guid":{"rendered":"https:\/\/www.mayaelle.org\/?page_id=18"},"modified":"2025-11-24T12:03:22","modified_gmt":"2025-11-24T11:03:22","slug":"presentation","status":"publish","type":"page","link":"https:\/\/www.mayaelle.org\/es\/qui-suis-je\/presentation\/","title":{"rendered":"Presentaci\u00f3n"},"content":{"rendered":"\n<p><br><\/p>\n\n\n\n<h3 class=\"wp-block-heading\"><strong>\u00bfPor qu\u00e9?<\/strong><\/h3>\n\n\n\n<h4 class=\"wp-block-heading\"><em>La neurodivergencia familiar como hilo conductor<\/em><\/h4>\n\n\n\n<p>En resumen, el autismo, el TDAH y algunos trastornos del aprendizaje (en otras palabras trastornos del neurodesarrollo), as\u00ed como los trastornos de ansiedad, son parte del cuadro familiar. Siempre he estado rodeada de ellos. <\/p>\n\n\n\n<p>Como me gusta comprender y aprender los seres humanos, he tenido desde muy joven un fuerte inter\u00e9s para buscar a comprender las relaciones sociales, los c\u00f3digos, los comportamientos. Me gustan los enigmas; busco por qu\u00e9 las cosas \u00absuenan extra\u00f1o\u00bb o, mejor dicho, hacen otro sonido, justamente.<br>Y lo que podemos poner en marcha para fluidificar las cosas. Para que duela menos.\u00a0 <\/p>\n\n\n\n<p>Lo que hizo de esto una trama\u00a0para mi recorrido personal y profesional, y que haga que hoy, me dedico a la salud mental, despu\u00e9s de haber sido jefa de empresa durante m\u00e1s de 20 a\u00f1os e involucrada en diversas asociaciones en Francia, Espa\u00f1a y Suiza.<\/p>\n\n\n\n<p>\u00bfImpaciente o una adepta de la optimizaci\u00f3n? <br>Ambos, probablemente. Lo que siempre me llev\u00f3 a crear el producto, el sistema, el programa, la ayuda o la formaci\u00f3n que buscaba sin \u00e9xito para m\u00ed y mis seres queridos.<\/p>\n\n\n\n<p><br><\/p>\n\n\n\n<h3 class=\"wp-block-heading\"><strong>\u00bfC\u00f3mo?<\/strong><\/h3>\n\n\n\n<h4 class=\"wp-block-heading\"><em>El \u00e1rbol recto termina siendo una tabla. El \u00e1rbol torcido vive su vida. Tener una diferencia es quiz\u00e1s la mejor cosa que te puede pasar.<\/em><\/h4>\n\n\n\n<p>A trav\u00e9s de mis acompa\u00f1amientos, quiero estar en la parte operativa, poner en marcha con ustedes, sus familias, sus estructuras, cosas que faciliten las relaciones y las situaciones, favoreciendo la autonom\u00eda, el respeto, aportando un poco m\u00e1s de alegr\u00eda y de seguridad.\u00a0<\/p>\n\n\n\n<ul class=\"wp-block-list\">\n<li>Gracias a un gran inter\u00e9s en comprender y buscar soluciones, para luego realizarlas.<\/li>\n\n\n\n<li>Con un recorrido como mujer jefa de empresa que conoce estos peligros y limitaciones.<\/li>\n\n\n\n<li>Siendo una madre que tuvo que luchar por sus hijos at\u00edpicos y favorecer para ellos otra mirada sobre las cosas y otras posibilidades.<\/li>\n\n\n\n<li>Por mi experiencia de reclutamiento y gesti\u00f3n de diversos perfiles neurodivergentes.<\/li>\n\n\n\n<li>A trav\u00e9s de la vida en comunidad y abordando los escollos psicoespirituales y pseudom\u00e9dicas.<\/li>\n\n\n\n<li>A favor del&nbsp;autismo y de sus comorbilidades, las implicaciones en la vida personal y profesional.<\/li>\n\n\n\n<li>Equilibrando todo esto con la creatividad, las manos ocupadas cosiendo o en el jard\u00edn, las piernas caminando con el perro o descansando con un buen libro, el gato, t\u00e9 y chocolate. La cabeza que trabaja, y a\u00fan mejor si las manos est\u00e1n ocupadas.<\/li>\n<\/ul>\n\n\n\n<p><br><\/p>\n\n\n\n<h3 class=\"wp-block-heading\"><strong>\u00bfQu\u00e9?<\/strong><\/h3>\n\n\n\n<h4 class=\"wp-block-heading\"><em>A menudo tenemos la creencia de que cuanto m\u00e1s largo y doloroso sea el camino, m\u00e1s efectivo es.<\/em><\/h4>\n\n\n\n<p><strong>\u00a1No necesariamente! \u00bfY si intent\u00e1ramos hacer las cosas de otra manera?<\/strong><\/p>\n\n\n\n<ul class=\"wp-block-list\">\n<li>Comprenderse, tener como un mapa de nuestro funcionamiento,<\/li>\n\n\n\n<li>Comprender nuestro entorno y nuestro medio ambiente,<\/li>\n\n\n\n<li>Contar con herramientas para evaluar c\u00f3mo estamos y limitar nuestros esfuerzos para limitar los agotamientos,<\/li>\n\n\n\n<li>Estar equipado de alguna forma de autocuidado,<\/li>\n\n\n\n<li>Estar conectado con otras personas que nos comprenden y nos apoyan,<br><\/li>\n<\/ul>\n\n\n\n<p><strong>\u00bfY si todo esto nos permitiera funcionar mejor? <\/strong><br><br>Esto en relaci\u00f3n con vuestros propios seguimientos y acompa\u00f1amientos, porque mis acompa\u00f1amientos no sustituyen un seguimiento por un m\u00e9dico, un psic\u00f3logo o un psiquiatra. <br>Pero pueden integrarse o complementarlos.<br>Cada situaci\u00f3n es \u00fanica, y si el cliente est\u00e1 de acuerdo, seg\u00fan sus condiciones, es posible trabajar en equipo, en relaci\u00f3n con profesionales de la salud.<\/p>\n\n\n\n<p><\/p>\n\n\n\n<p><\/p>\n\n\n\n<p><\/p>\n","protected":false},"excerpt":{"rendered":"<p>\u00bfPor qu\u00e9? La neurodivergencia familiar como hilo conductor En resumen, el autismo, el TDAH y algunos trastornos del aprendizaje (en otras palabras trastornos del neurodesarrollo), as\u00ed como los trastornos de ansiedad, son parte del cuadro familiar. Siempre he estado rodeada de ellos. Como me gusta comprender y aprender los seres humanos, he tenido desde muy [&hellip;]<\/p>\n","protected":false},"author":1,"featured_media":0,"parent":13,"menu_order":0,"comment_status":"closed","ping_status":"closed","template":"","meta":{"footnotes":""},"class_list":["post-18","page","type-page","status-publish","hentry"],"pbg_featured_image_src":{"full":false,"thumbnail":false,"medium":false,"medium_large":false,"large":false,"1536x1536":false,"2048x2048":false},"pbg_author_info":{"display_name":"admin","author_link":"https:\/\/www.mayaelle.org\/es\/author\/admin\/","author_img":"<img src=\"https:\/\/www.mayaelle.org\/es\/wp-content\/plugins\/profilegrid-user-profiles-groups-and-communities\/public\/\/partials\/images\/admin-default-user.png\" width=\"128\" height=\"128\" class=\"user-profile-image\" \/>"},"pbg_comment_info":" No Comments","pbg_excerpt":"\u00bfPor qu\u00e9? La neurodivergencia familiar como hilo conductor En resumen, el autismo, el TDAH y algunos trastornos del aprendizaje (en otras palabras trastornos del neurodesarrollo), as\u00ed como los trastornos de ansiedad, son parte del cuadro familiar. Siempre he estado rodeada de ellos. Como me gusta comprender y aprender los seres humanos, he tenido desde muy&hellip;","_links":{"self":[{"href":"https:\/\/www.mayaelle.org\/es\/wp-json\/wp\/v2\/pages\/18","targetHints":{"allow":["GET"]}}],"collection":[{"href":"https:\/\/www.mayaelle.org\/es\/wp-json\/wp\/v2\/pages"}],"about":[{"href":"https:\/\/www.mayaelle.org\/es\/wp-json\/wp\/v2\/types\/page"}],"author":[{"embeddable":true,"href":"https:\/\/www.mayaelle.org\/es\/wp-json\/wp\/v2\/users\/1"}],"replies":[{"embeddable":true,"href":"https:\/\/www.mayaelle.org\/es\/wp-json\/wp\/v2\/comments?post=18"}],"version-history":[{"count":11,"href":"https:\/\/www.mayaelle.org\/es\/wp-json\/wp\/v2\/pages\/18\/revisions"}],"predecessor-version":[{"id":2939,"href":"https:\/\/www.mayaelle.org\/es\/wp-json\/wp\/v2\/pages\/18\/revisions\/2939"}],"up":[{"embeddable":true,"href":"https:\/\/www.mayaelle.org\/es\/wp-json\/wp\/v2\/pages\/13"}],"wp:attachment":[{"href":"https:\/\/www.mayaelle.org\/es\/wp-json\/wp\/v2\/media?parent=18"}],"curies":[{"name":"wp","href":"https:\/\/api.w.org\/{rel}","templated":true}]}}