{"id":1381,"date":"2025-02-14T17:25:16","date_gmt":"2025-02-14T16:25:16","guid":{"rendered":"https:\/\/www.mayaelle.org\/?page_id=1381"},"modified":"2026-04-27T10:05:26","modified_gmt":"2026-04-27T08:05:26","slug":"podcast","status":"publish","type":"page","link":"https:\/\/www.mayaelle.org\/fr\/podcast\/","title":{"rendered":"PODCAST"},"content":{"rendered":"\n<p class=\"has-heading-font-family\" style=\"font-size:clamp(0.875rem, 0.875rem + ((1vw - 0.2rem) * 0.708), 1.3rem);\"><em>\u00ab\u00a0Fais un effort!\u00a0\u00bb Les Chroniques du TSA<\/em>, est un podcast qui parle d&rsquo;autisme sans d\u00e9ficience intellectuelle, voire avec HPI.<br>Il s&rsquo;agit de d\u00e9coder un monde pour l&rsquo;autre&#8230; <br>Maya, c&rsquo;est mon second pr\u00e9nom, et c&rsquo;est celui avec lequel je me pr\u00e9sente pour ce podcast.<\/p>\n\n\n\n<p>Tous les \u00e9pisodes sont ci-dessous. <br>Vous pouvez aussi les \u00e9couter sur votre plateforme de podcast pr\u00e9f\u00e9r\u00e9e comme <a href=\"https:\/\/www.youtube.com\/@mayaelle.Zoller\" target=\"_blank\" rel=\"noopener\">YouTube<\/a>, <a href=\"https:\/\/open.spotify.com\/show\/6QUprufOqfUGkcc49az3Gx\" target=\"_blank\" rel=\"noopener\">Spotify<\/a>, <a href=\"https:\/\/podcasts.apple.com\/us\/podcast\/fais-un-effort\/id1727861771?uo=4\" target=\"_blank\" rel=\"noopener\">Apple podcast<\/a>, Deezer, Ausha, Amazon Podcast, etc&#8230;<br>Vous pourrez ainsi voir la dur\u00e9e totale, mettre sur pause, reprendre, et puis vous aussi vous abonner \u00e0 la cha\u00eene, commenter et mettre des \u00e9toiles pour soutenir mon travail si vous le souhaitez !<br><br>Sur youtube retrouvez les sous-titres, et sur Apple podcast la transcription totale<\/p>\n\n\n\n<p><em>D&rsquo;autres podcasts super chouettes sur la sant\u00e9 mentale, l&rsquo;autisme, mais aussi r\u00e9fl\u00e9chir \u00e0 ce que l&rsquo;on croit, le HPI, notre fa\u00e7on de penser : <\/em><\/p>\n\n\n\n<p><em><a href=\"https:\/\/metadechoc.fr\" target=\"_blank\" rel=\"noopener\">Meta de choc<\/a><br><a href=\"https:\/\/open.spotify.com\/show\/6fbENKVF0SqpBEe33Sz0kg\" target=\"_blank\" rel=\"noopener\">Dingue<\/a><br><a href=\"https:\/\/placedessciences.fr\/nos-podcasts\/les-maux-bleus\/\" target=\"_blank\" rel=\"noopener\">Les mots bleus<br><\/a><a href=\"https:\/\/open.spotify.com\/show\/4f3lI7gs0QofIfw2E0hY3c\" target=\"_blank\" rel=\"noopener\">Troubles dans le spectre<\/a><br><a href=\"https:\/\/www.youtube.com\/channel\/UCP_ph24BWospj5wOtKkbdrQ\" target=\"_blank\" rel=\"noopener\">Intens\u00e9ment podcast<\/a><br><a href=\"https:\/\/open.spotify.com\/show\/0B2LYFJhGcl7iTR2Ph9NE0\" target=\"_blank\" rel=\"noopener\">Bande d&rsquo;autistes<\/a><br><a href=\"https:\/\/open.spotify.com\/show\/4DW5L2FH8PnKiuSmHJw9m4\" target=\"_blank\" rel=\"noopener\">Tous pareils ou presque<\/a><\/em><\/p>\n\n\n\n<p><\/p>\n\n\n\n<div class=\"wp-block-group alignfull has-global-padding is-layout-constrained wp-container-core-group-is-layout-d89aad35 wp-block-group-is-layout-constrained\" style=\"margin-top:0;margin-bottom:0;padding-top:var(--wp--preset--spacing--50);padding-right:var(--wp--preset--spacing--50);padding-bottom:var(--wp--preset--spacing--50);padding-left:var(--wp--preset--spacing--50)\">\n<div class=\"wp-block-group alignwide has-global-padding is-layout-constrained wp-block-group-is-layout-constrained\">\n<div class=\"wp-block-query alignwide is-layout-flow wp-block-query-is-layout-flow\"><ul class=\"wp-block-post-template is-layout-flow wp-block-post-template-is-layout-flow\"><li class=\"wp-block-post post-3228 post type-post status-publish format-standard has-post-thumbnail hentry category-podcast\">\n\n<hr class=\"wp-block-separator has-text-color has-contrast-3-color has-alpha-channel-opacity has-contrast-3-background-color has-background alignwide is-style-wide\"\/>\n\n\n\n<div class=\"wp-block-columns alignwide are-vertically-aligned-center is-layout-flex wp-container-core-columns-is-layout-33233fb6 wp-block-columns-is-layout-flex\" style=\"margin-top:var(--wp--preset--spacing--20);margin-bottom:var(--wp--preset--spacing--20)\">\n<div class=\"wp-block-column is-vertically-aligned-center is-layout-flow wp-block-column-is-layout-flow\" style=\"flex-basis:230px\"><figure style=\"aspect-ratio:auto;width:150px;height:150px; padding-top:0;padding-bottom:0;\" class=\"wp-block-post-featured-image wp-duotone-unset-1\"><a href=\"https:\/\/www.mayaelle.org\/fr\/2026\/04\/25\/identifier-ce-que-je-vis-dans-mes-relations\/\" target=\"_self\" style=\"height:150px\"><img loading=\"lazy\" decoding=\"async\" width=\"150\" height=\"150\" src=\"https:\/\/www.mayaelle.org\/fr\/wp-content\/uploads\/2026\/04\/7aRPDzL9zZlWYyRxM4poxtqyy8wYpHY2zStTBm21_1400x1400-150x150.jpeg\" class=\"attachment-thumbnail size-thumbnail wp-post-image\" alt=\"Identifier ce que je vis dans mes relations\" style=\"border-radius:0px;border-style:none;border-width:0px;width:100%;height:100%;object-fit:cover;\" srcset=\"https:\/\/www.mayaelle.org\/fr\/wp-content\/uploads\/2026\/04\/7aRPDzL9zZlWYyRxM4poxtqyy8wYpHY2zStTBm21_1400x1400-150x150.jpeg 150w, https:\/\/www.mayaelle.org\/fr\/wp-content\/uploads\/2026\/04\/7aRPDzL9zZlWYyRxM4poxtqyy8wYpHY2zStTBm21_1400x1400-300x300.jpeg 300w, https:\/\/www.mayaelle.org\/fr\/wp-content\/uploads\/2026\/04\/7aRPDzL9zZlWYyRxM4poxtqyy8wYpHY2zStTBm21_1400x1400-1024x1024.jpeg 1024w, https:\/\/www.mayaelle.org\/fr\/wp-content\/uploads\/2026\/04\/7aRPDzL9zZlWYyRxM4poxtqyy8wYpHY2zStTBm21_1400x1400-768x768.jpeg 768w, https:\/\/www.mayaelle.org\/fr\/wp-content\/uploads\/2026\/04\/7aRPDzL9zZlWYyRxM4poxtqyy8wYpHY2zStTBm21_1400x1400.jpeg 1400w\" sizes=\"auto, (max-width: 150px) 100vw, 150px\" \/><\/a><\/figure><\/div>\n\n\n\n<div class=\"wp-block-column is-vertically-aligned-center is-layout-flow wp-block-column-is-layout-flow\" style=\"flex-basis:72%\"><h2 style=\"font-size:clamp(0.984rem, 0.984rem + ((1vw - 0.2rem) * 0.86), 1.5rem);line-height:1.1;\" class=\"wp-block-post-title\"><a href=\"https:\/\/www.mayaelle.org\/fr\/2026\/04\/25\/identifier-ce-que-je-vis-dans-mes-relations\/\" target=\"_self\">Identifier ce que je vis dans mes relations<\/a><\/h2><\/div>\n\n\n\n<div class=\"wp-block-column is-vertically-aligned-center is-layout-flow wp-block-column-is-layout-flow\" style=\"flex-basis:28%\"><div class=\"has-text-align-right blockera-block blockera-block-skztq wp-block-post-date has-medium-font-size\"><time datetime=\"2026-04-25T18:00:00+02:00\">25 avril 2026<\/time><\/div><\/div>\n<\/div>\n\n<\/li><li class=\"wp-block-post post-3208 post type-post status-publish format-standard has-post-thumbnail hentry category-podcast\">\n\n<hr class=\"wp-block-separator has-text-color has-contrast-3-color has-alpha-channel-opacity has-contrast-3-background-color has-background alignwide is-style-wide\"\/>\n\n\n\n<div class=\"wp-block-columns alignwide are-vertically-aligned-center is-layout-flex wp-container-core-columns-is-layout-33233fb6 wp-block-columns-is-layout-flex\" style=\"margin-top:var(--wp--preset--spacing--20);margin-bottom:var(--wp--preset--spacing--20)\">\n<div class=\"wp-block-column is-vertically-aligned-center is-layout-flow wp-block-column-is-layout-flow\" style=\"flex-basis:230px\"><figure style=\"aspect-ratio:auto;width:150px;height:150px; padding-top:0;padding-bottom:0;\" class=\"wp-block-post-featured-image wp-duotone-unset-2\"><a href=\"https:\/\/www.mayaelle.org\/fr\/2026\/04\/04\/identite-autiste\/\" target=\"_self\" style=\"height:150px\"><img loading=\"lazy\" decoding=\"async\" width=\"150\" height=\"150\" src=\"https:\/\/www.mayaelle.org\/fr\/wp-content\/uploads\/2026\/04\/sdVjqVlggRtOSGfi3lzuiIsHcFUcGd1SFc3cdBb2_1400x1400-150x150.jpeg\" class=\"attachment-thumbnail size-thumbnail wp-post-image\" alt=\"Identit\u00e9 autiste ?\" style=\"border-radius:0px;border-style:none;border-width:0px;width:100%;height:100%;object-fit:cover;\" srcset=\"https:\/\/www.mayaelle.org\/fr\/wp-content\/uploads\/2026\/04\/sdVjqVlggRtOSGfi3lzuiIsHcFUcGd1SFc3cdBb2_1400x1400-150x150.jpeg 150w, https:\/\/www.mayaelle.org\/fr\/wp-content\/uploads\/2026\/04\/sdVjqVlggRtOSGfi3lzuiIsHcFUcGd1SFc3cdBb2_1400x1400-300x300.jpeg 300w, https:\/\/www.mayaelle.org\/fr\/wp-content\/uploads\/2026\/04\/sdVjqVlggRtOSGfi3lzuiIsHcFUcGd1SFc3cdBb2_1400x1400-1024x1024.jpeg 1024w, https:\/\/www.mayaelle.org\/fr\/wp-content\/uploads\/2026\/04\/sdVjqVlggRtOSGfi3lzuiIsHcFUcGd1SFc3cdBb2_1400x1400-768x768.jpeg 768w, https:\/\/www.mayaelle.org\/fr\/wp-content\/uploads\/2026\/04\/sdVjqVlggRtOSGfi3lzuiIsHcFUcGd1SFc3cdBb2_1400x1400.jpeg 1400w\" sizes=\"auto, (max-width: 150px) 100vw, 150px\" \/><\/a><\/figure><\/div>\n\n\n\n<div class=\"wp-block-column is-vertically-aligned-center is-layout-flow wp-block-column-is-layout-flow\" style=\"flex-basis:72%\"><h2 style=\"font-size:clamp(0.984rem, 0.984rem + ((1vw - 0.2rem) * 0.86), 1.5rem);line-height:1.1;\" class=\"wp-block-post-title\"><a href=\"https:\/\/www.mayaelle.org\/fr\/2026\/04\/04\/identite-autiste\/\" target=\"_self\">Identit\u00e9 autiste ?<\/a><\/h2><\/div>\n\n\n\n<div class=\"wp-block-column is-vertically-aligned-center is-layout-flow wp-block-column-is-layout-flow\" style=\"flex-basis:28%\"><div class=\"has-text-align-right blockera-block blockera-block-skztq wp-block-post-date has-medium-font-size\"><time datetime=\"2026-04-04T04:00:00+02:00\">4 avril 2026<\/time><\/div><\/div>\n<\/div>\n\n<\/li><li class=\"wp-block-post post-3089 post type-post status-publish format-standard has-post-thumbnail hentry category-podcast\">\n\n<hr class=\"wp-block-separator has-text-color has-contrast-3-color has-alpha-channel-opacity has-contrast-3-background-color has-background alignwide is-style-wide\"\/>\n\n\n\n<div class=\"wp-block-columns alignwide are-vertically-aligned-center is-layout-flex wp-container-core-columns-is-layout-33233fb6 wp-block-columns-is-layout-flex\" style=\"margin-top:var(--wp--preset--spacing--20);margin-bottom:var(--wp--preset--spacing--20)\">\n<div class=\"wp-block-column is-vertically-aligned-center is-layout-flow wp-block-column-is-layout-flow\" style=\"flex-basis:230px\"><figure style=\"aspect-ratio:auto;width:150px;height:150px; padding-top:0;padding-bottom:0;\" class=\"wp-block-post-featured-image wp-duotone-unset-3\"><a href=\"https:\/\/www.mayaelle.org\/fr\/2026\/03\/21\/habilites-sociales-et-assertivite\/\" target=\"_self\" style=\"height:150px\"><img loading=\"lazy\" decoding=\"async\" width=\"150\" height=\"150\" src=\"https:\/\/www.mayaelle.org\/fr\/wp-content\/uploads\/2026\/03\/eVXWyxY35RdHj8aHF90aizQ9KneYHUJsk8ULmVeK_1400x1400-150x150.jpeg\" class=\"attachment-thumbnail size-thumbnail wp-post-image\" alt=\"Habilit\u00e9s sociales et assertivit\u00e9.\" style=\"border-radius:0px;border-style:none;border-width:0px;width:100%;height:100%;object-fit:cover;\" srcset=\"https:\/\/www.mayaelle.org\/fr\/wp-content\/uploads\/2026\/03\/eVXWyxY35RdHj8aHF90aizQ9KneYHUJsk8ULmVeK_1400x1400-150x150.jpeg 150w, https:\/\/www.mayaelle.org\/fr\/wp-content\/uploads\/2026\/03\/eVXWyxY35RdHj8aHF90aizQ9KneYHUJsk8ULmVeK_1400x1400-300x300.jpeg 300w, https:\/\/www.mayaelle.org\/fr\/wp-content\/uploads\/2026\/03\/eVXWyxY35RdHj8aHF90aizQ9KneYHUJsk8ULmVeK_1400x1400-1024x1024.jpeg 1024w, https:\/\/www.mayaelle.org\/fr\/wp-content\/uploads\/2026\/03\/eVXWyxY35RdHj8aHF90aizQ9KneYHUJsk8ULmVeK_1400x1400-768x768.jpeg 768w, https:\/\/www.mayaelle.org\/fr\/wp-content\/uploads\/2026\/03\/eVXWyxY35RdHj8aHF90aizQ9KneYHUJsk8ULmVeK_1400x1400.jpeg 1400w\" sizes=\"auto, (max-width: 150px) 100vw, 150px\" \/><\/a><\/figure><\/div>\n\n\n\n<div class=\"wp-block-column is-vertically-aligned-center is-layout-flow wp-block-column-is-layout-flow\" style=\"flex-basis:72%\"><h2 style=\"font-size:clamp(0.984rem, 0.984rem + ((1vw - 0.2rem) * 0.86), 1.5rem);line-height:1.1;\" class=\"wp-block-post-title\"><a href=\"https:\/\/www.mayaelle.org\/fr\/2026\/03\/21\/habilites-sociales-et-assertivite\/\" target=\"_self\">Habilit\u00e9s sociales et assertivit\u00e9.<\/a><\/h2><\/div>\n\n\n\n<div class=\"wp-block-column is-vertically-aligned-center is-layout-flow wp-block-column-is-layout-flow\" style=\"flex-basis:28%\"><div class=\"has-text-align-right blockera-block blockera-block-skztq wp-block-post-date has-medium-font-size\"><time datetime=\"2026-03-21T04:00:00+01:00\">21 mars 2026<\/time><\/div><\/div>\n<\/div>\n\n<\/li><li class=\"wp-block-post post-3087 post type-post status-publish format-standard has-post-thumbnail hentry category-podcast\">\n\n<hr class=\"wp-block-separator has-text-color has-contrast-3-color has-alpha-channel-opacity has-contrast-3-background-color has-background alignwide is-style-wide\"\/>\n\n\n\n<div class=\"wp-block-columns alignwide are-vertically-aligned-center is-layout-flex wp-container-core-columns-is-layout-33233fb6 wp-block-columns-is-layout-flex\" style=\"margin-top:var(--wp--preset--spacing--20);margin-bottom:var(--wp--preset--spacing--20)\">\n<div class=\"wp-block-column is-vertically-aligned-center is-layout-flow wp-block-column-is-layout-flow\" style=\"flex-basis:230px\"><figure style=\"aspect-ratio:auto;width:150px;height:150px; padding-top:0;padding-bottom:0;\" class=\"wp-block-post-featured-image wp-duotone-unset-4\"><a href=\"https:\/\/www.mayaelle.org\/fr\/2026\/03\/07\/david-en-colere-dysregulation-emotionnelle\/\" target=\"_self\" style=\"height:150px\"><img loading=\"lazy\" decoding=\"async\" width=\"150\" height=\"150\" src=\"https:\/\/www.mayaelle.org\/fr\/wp-content\/uploads\/2026\/03\/vdigoTdhz3rqv86s4PSRYqJzOkkTXvGlkQqJeUZM_1400x1400-150x150.jpeg\" class=\"attachment-thumbnail size-thumbnail wp-post-image\" alt=\"David en col\u00e8re, dysr\u00e9gulation \u00e9motionnelle ?\" style=\"border-radius:0px;border-style:none;border-width:0px;width:100%;height:100%;object-fit:cover;\" srcset=\"https:\/\/www.mayaelle.org\/fr\/wp-content\/uploads\/2026\/03\/vdigoTdhz3rqv86s4PSRYqJzOkkTXvGlkQqJeUZM_1400x1400-150x150.jpeg 150w, https:\/\/www.mayaelle.org\/fr\/wp-content\/uploads\/2026\/03\/vdigoTdhz3rqv86s4PSRYqJzOkkTXvGlkQqJeUZM_1400x1400-300x300.jpeg 300w, https:\/\/www.mayaelle.org\/fr\/wp-content\/uploads\/2026\/03\/vdigoTdhz3rqv86s4PSRYqJzOkkTXvGlkQqJeUZM_1400x1400-1024x1024.jpeg 1024w, https:\/\/www.mayaelle.org\/fr\/wp-content\/uploads\/2026\/03\/vdigoTdhz3rqv86s4PSRYqJzOkkTXvGlkQqJeUZM_1400x1400-768x768.jpeg 768w, https:\/\/www.mayaelle.org\/fr\/wp-content\/uploads\/2026\/03\/vdigoTdhz3rqv86s4PSRYqJzOkkTXvGlkQqJeUZM_1400x1400.jpeg 1400w\" sizes=\"auto, (max-width: 150px) 100vw, 150px\" \/><\/a><\/figure><\/div>\n\n\n\n<div class=\"wp-block-column is-vertically-aligned-center is-layout-flow wp-block-column-is-layout-flow\" style=\"flex-basis:72%\"><h2 style=\"font-size:clamp(0.984rem, 0.984rem + ((1vw - 0.2rem) * 0.86), 1.5rem);line-height:1.1;\" class=\"wp-block-post-title\"><a href=\"https:\/\/www.mayaelle.org\/fr\/2026\/03\/07\/david-en-colere-dysregulation-emotionnelle\/\" target=\"_self\">David en col\u00e8re, dysr\u00e9gulation \u00e9motionnelle ?<\/a><\/h2><\/div>\n\n\n\n<div class=\"wp-block-column is-vertically-aligned-center is-layout-flow wp-block-column-is-layout-flow\" style=\"flex-basis:28%\"><div class=\"has-text-align-right blockera-block blockera-block-skztq wp-block-post-date has-medium-font-size\"><time datetime=\"2026-03-07T07:15:29+01:00\">7 mars 2026<\/time><\/div><\/div>\n<\/div>\n\n<\/li><li class=\"wp-block-post post-3085 post type-post status-publish format-standard has-post-thumbnail hentry category-podcast\">\n\n<hr class=\"wp-block-separator has-text-color has-contrast-3-color has-alpha-channel-opacity has-contrast-3-background-color has-background alignwide is-style-wide\"\/>\n\n\n\n<div class=\"wp-block-columns alignwide are-vertically-aligned-center is-layout-flex wp-container-core-columns-is-layout-33233fb6 wp-block-columns-is-layout-flex\" style=\"margin-top:var(--wp--preset--spacing--20);margin-bottom:var(--wp--preset--spacing--20)\">\n<div class=\"wp-block-column is-vertically-aligned-center is-layout-flow wp-block-column-is-layout-flow\" style=\"flex-basis:230px\"><figure style=\"aspect-ratio:auto;width:150px;height:150px; padding-top:0;padding-bottom:0;\" class=\"wp-block-post-featured-image wp-duotone-unset-5\"><a href=\"https:\/\/www.mayaelle.org\/fr\/2026\/02\/21\/rediffusion-poser-ses-limites-ou-arreter-de-se-faire-bouffer-la-suite\/\" target=\"_self\" style=\"height:150px\"><img loading=\"lazy\" decoding=\"async\" width=\"150\" height=\"150\" src=\"https:\/\/www.mayaelle.org\/fr\/wp-content\/uploads\/2026\/02\/CamVCC0QdNhoDRoSdUEMW8o3p4TMPyAvCA7TSDvR_1400x1400-150x150.jpeg\" class=\"attachment-thumbnail size-thumbnail wp-post-image\" alt=\"REDIFFUSION Poser ses limites (ou arr\u00eater de se faire bouffer, la suite)\" style=\"border-radius:0px;border-style:none;border-width:0px;width:100%;height:100%;object-fit:cover;\" srcset=\"https:\/\/www.mayaelle.org\/fr\/wp-content\/uploads\/2026\/02\/CamVCC0QdNhoDRoSdUEMW8o3p4TMPyAvCA7TSDvR_1400x1400-150x150.jpeg 150w, https:\/\/www.mayaelle.org\/fr\/wp-content\/uploads\/2026\/02\/CamVCC0QdNhoDRoSdUEMW8o3p4TMPyAvCA7TSDvR_1400x1400-300x300.jpeg 300w, https:\/\/www.mayaelle.org\/fr\/wp-content\/uploads\/2026\/02\/CamVCC0QdNhoDRoSdUEMW8o3p4TMPyAvCA7TSDvR_1400x1400-1024x1024.jpeg 1024w, https:\/\/www.mayaelle.org\/fr\/wp-content\/uploads\/2026\/02\/CamVCC0QdNhoDRoSdUEMW8o3p4TMPyAvCA7TSDvR_1400x1400-768x768.jpeg 768w, https:\/\/www.mayaelle.org\/fr\/wp-content\/uploads\/2026\/02\/CamVCC0QdNhoDRoSdUEMW8o3p4TMPyAvCA7TSDvR_1400x1400.jpeg 1400w\" sizes=\"auto, (max-width: 150px) 100vw, 150px\" \/><\/a><\/figure><\/div>\n\n\n\n<div class=\"wp-block-column is-vertically-aligned-center is-layout-flow wp-block-column-is-layout-flow\" style=\"flex-basis:72%\"><h2 style=\"font-size:clamp(0.984rem, 0.984rem + ((1vw - 0.2rem) * 0.86), 1.5rem);line-height:1.1;\" class=\"wp-block-post-title\"><a href=\"https:\/\/www.mayaelle.org\/fr\/2026\/02\/21\/rediffusion-poser-ses-limites-ou-arreter-de-se-faire-bouffer-la-suite\/\" target=\"_self\">REDIFFUSION Poser ses limites (ou arr\u00eater de se faire bouffer, la suite)<\/a><\/h2><\/div>\n\n\n\n<div class=\"wp-block-column is-vertically-aligned-center is-layout-flow wp-block-column-is-layout-flow\" style=\"flex-basis:28%\"><div class=\"has-text-align-right blockera-block blockera-block-skztq wp-block-post-date has-medium-font-size\"><time datetime=\"2026-02-21T05:00:00+01:00\">21 f\u00e9vrier 2026<\/time><\/div><\/div>\n<\/div>\n\n<\/li><li class=\"wp-block-post post-3071 post type-post status-publish format-standard has-post-thumbnail hentry category-podcast\">\n\n<hr class=\"wp-block-separator has-text-color has-contrast-3-color has-alpha-channel-opacity has-contrast-3-background-color has-background alignwide is-style-wide\"\/>\n\n\n\n<div class=\"wp-block-columns alignwide are-vertically-aligned-center is-layout-flex wp-container-core-columns-is-layout-33233fb6 wp-block-columns-is-layout-flex\" style=\"margin-top:var(--wp--preset--spacing--20);margin-bottom:var(--wp--preset--spacing--20)\">\n<div class=\"wp-block-column is-vertically-aligned-center is-layout-flow wp-block-column-is-layout-flow\" style=\"flex-basis:230px\"><figure style=\"aspect-ratio:auto;width:150px;height:150px; padding-top:0;padding-bottom:0;\" class=\"wp-block-post-featured-image wp-duotone-unset-6\"><a href=\"https:\/\/www.mayaelle.org\/fr\/2026\/02\/07\/autisme-et-douleur-la-realite\/\" target=\"_self\" style=\"height:150px\"><img loading=\"lazy\" decoding=\"async\" width=\"150\" height=\"150\" src=\"https:\/\/www.mayaelle.org\/fr\/wp-content\/uploads\/2026\/02\/9J2aRiMCEHhvKgo9TRYptbHwQwkpsSTqroo9ksRp_1400x1400-150x150.jpeg\" class=\"attachment-thumbnail size-thumbnail wp-post-image\" alt=\"Autisme et douleur, la r\u00e9alit\u00e9.\" style=\"border-radius:0px;border-style:none;border-width:0px;width:100%;height:100%;object-fit:cover;\" srcset=\"https:\/\/www.mayaelle.org\/fr\/wp-content\/uploads\/2026\/02\/9J2aRiMCEHhvKgo9TRYptbHwQwkpsSTqroo9ksRp_1400x1400-150x150.jpeg 150w, https:\/\/www.mayaelle.org\/fr\/wp-content\/uploads\/2026\/02\/9J2aRiMCEHhvKgo9TRYptbHwQwkpsSTqroo9ksRp_1400x1400-300x300.jpeg 300w, https:\/\/www.mayaelle.org\/fr\/wp-content\/uploads\/2026\/02\/9J2aRiMCEHhvKgo9TRYptbHwQwkpsSTqroo9ksRp_1400x1400-1024x1024.jpeg 1024w, https:\/\/www.mayaelle.org\/fr\/wp-content\/uploads\/2026\/02\/9J2aRiMCEHhvKgo9TRYptbHwQwkpsSTqroo9ksRp_1400x1400-768x768.jpeg 768w, https:\/\/www.mayaelle.org\/fr\/wp-content\/uploads\/2026\/02\/9J2aRiMCEHhvKgo9TRYptbHwQwkpsSTqroo9ksRp_1400x1400.jpeg 1400w\" sizes=\"auto, (max-width: 150px) 100vw, 150px\" \/><\/a><\/figure><\/div>\n\n\n\n<div class=\"wp-block-column is-vertically-aligned-center is-layout-flow wp-block-column-is-layout-flow\" style=\"flex-basis:72%\"><h2 style=\"font-size:clamp(0.984rem, 0.984rem + ((1vw - 0.2rem) * 0.86), 1.5rem);line-height:1.1;\" class=\"wp-block-post-title\"><a href=\"https:\/\/www.mayaelle.org\/fr\/2026\/02\/07\/autisme-et-douleur-la-realite\/\" target=\"_self\">Autisme et douleur, la r\u00e9alit\u00e9.<\/a><\/h2><\/div>\n\n\n\n<div class=\"wp-block-column is-vertically-aligned-center is-layout-flow wp-block-column-is-layout-flow\" style=\"flex-basis:28%\"><div class=\"has-text-align-right blockera-block blockera-block-skztq wp-block-post-date has-medium-font-size\"><time datetime=\"2026-02-07T04:00:00+01:00\">7 f\u00e9vrier 2026<\/time><\/div><\/div>\n<\/div>\n\n<\/li><li class=\"wp-block-post post-3060 post type-post status-publish format-standard has-post-thumbnail hentry category-podcast\">\n\n<hr class=\"wp-block-separator has-text-color has-contrast-3-color has-alpha-channel-opacity has-contrast-3-background-color has-background alignwide is-style-wide\"\/>\n\n\n\n<div class=\"wp-block-columns alignwide are-vertically-aligned-center is-layout-flex wp-container-core-columns-is-layout-33233fb6 wp-block-columns-is-layout-flex\" style=\"margin-top:var(--wp--preset--spacing--20);margin-bottom:var(--wp--preset--spacing--20)\">\n<div class=\"wp-block-column is-vertically-aligned-center is-layout-flow wp-block-column-is-layout-flow\" style=\"flex-basis:230px\"><figure style=\"aspect-ratio:auto;width:150px;height:150px; padding-top:0;padding-bottom:0;\" class=\"wp-block-post-featured-image wp-duotone-unset-7\"><a href=\"https:\/\/www.mayaelle.org\/fr\/2026\/01\/03\/theorie-polyvagale-et-autisme\/\" target=\"_self\" style=\"height:150px\"><img loading=\"lazy\" decoding=\"async\" width=\"150\" height=\"150\" src=\"https:\/\/www.mayaelle.org\/fr\/wp-content\/uploads\/2026\/01\/IF5yWSBwzIcyATTgDmc2mc940dHDsb5SNXKypOCh_1400x1400-150x150.jpeg\" class=\"attachment-thumbnail size-thumbnail wp-post-image\" alt=\"Th\u00e9orie polyvagale et autisme\" style=\"border-radius:0px;border-style:none;border-width:0px;width:100%;height:100%;object-fit:cover;\" srcset=\"https:\/\/www.mayaelle.org\/fr\/wp-content\/uploads\/2026\/01\/IF5yWSBwzIcyATTgDmc2mc940dHDsb5SNXKypOCh_1400x1400-150x150.jpeg 150w, https:\/\/www.mayaelle.org\/fr\/wp-content\/uploads\/2026\/01\/IF5yWSBwzIcyATTgDmc2mc940dHDsb5SNXKypOCh_1400x1400-300x300.jpeg 300w, https:\/\/www.mayaelle.org\/fr\/wp-content\/uploads\/2026\/01\/IF5yWSBwzIcyATTgDmc2mc940dHDsb5SNXKypOCh_1400x1400-1024x1024.jpeg 1024w, https:\/\/www.mayaelle.org\/fr\/wp-content\/uploads\/2026\/01\/IF5yWSBwzIcyATTgDmc2mc940dHDsb5SNXKypOCh_1400x1400-768x768.jpeg 768w, https:\/\/www.mayaelle.org\/fr\/wp-content\/uploads\/2026\/01\/IF5yWSBwzIcyATTgDmc2mc940dHDsb5SNXKypOCh_1400x1400.jpeg 1400w\" sizes=\"auto, (max-width: 150px) 100vw, 150px\" \/><\/a><\/figure><\/div>\n\n\n\n<div class=\"wp-block-column is-vertically-aligned-center is-layout-flow wp-block-column-is-layout-flow\" style=\"flex-basis:72%\"><h2 style=\"font-size:clamp(0.984rem, 0.984rem + ((1vw - 0.2rem) * 0.86), 1.5rem);line-height:1.1;\" class=\"wp-block-post-title\"><a href=\"https:\/\/www.mayaelle.org\/fr\/2026\/01\/03\/theorie-polyvagale-et-autisme\/\" target=\"_self\">Th\u00e9orie polyvagale et autisme<\/a><\/h2><\/div>\n\n\n\n<div class=\"wp-block-column is-vertically-aligned-center is-layout-flow wp-block-column-is-layout-flow\" style=\"flex-basis:28%\"><div class=\"has-text-align-right blockera-block blockera-block-skztq wp-block-post-date has-medium-font-size\"><time datetime=\"2026-01-03T08:57:05+01:00\">3 janvier 2026<\/time><\/div><\/div>\n<\/div>\n\n<\/li><li class=\"wp-block-post post-3057 post type-post status-publish format-standard has-post-thumbnail hentry category-podcast\">\n\n<hr class=\"wp-block-separator has-text-color has-contrast-3-color has-alpha-channel-opacity has-contrast-3-background-color has-background alignwide is-style-wide\"\/>\n\n\n\n<div class=\"wp-block-columns alignwide are-vertically-aligned-center is-layout-flex wp-container-core-columns-is-layout-33233fb6 wp-block-columns-is-layout-flex\" style=\"margin-top:var(--wp--preset--spacing--20);margin-bottom:var(--wp--preset--spacing--20)\">\n<div class=\"wp-block-column is-vertically-aligned-center is-layout-flow wp-block-column-is-layout-flow\" style=\"flex-basis:230px\"><figure style=\"aspect-ratio:auto;width:150px;height:150px; padding-top:0;padding-bottom:0;\" class=\"wp-block-post-featured-image wp-duotone-unset-8\"><a href=\"https:\/\/www.mayaelle.org\/fr\/2025\/12\/20\/pourquoi-on-tourne-en-boucle-sur-un-sujet\/\" target=\"_self\" style=\"height:150px\"><img loading=\"lazy\" decoding=\"async\" width=\"150\" height=\"150\" src=\"https:\/\/www.mayaelle.org\/fr\/wp-content\/uploads\/2025\/12\/7L0wRD5hApIWllWDHCv681Rm8GgnXm7fujdCtaqh_1400x1400-150x150.jpeg\" class=\"attachment-thumbnail size-thumbnail wp-post-image\" alt=\"Pourquoi on tourne en boucle sur un sujet ?\" style=\"border-radius:0px;border-style:none;border-width:0px;width:100%;height:100%;object-fit:cover;\" srcset=\"https:\/\/www.mayaelle.org\/fr\/wp-content\/uploads\/2025\/12\/7L0wRD5hApIWllWDHCv681Rm8GgnXm7fujdCtaqh_1400x1400-150x150.jpeg 150w, https:\/\/www.mayaelle.org\/fr\/wp-content\/uploads\/2025\/12\/7L0wRD5hApIWllWDHCv681Rm8GgnXm7fujdCtaqh_1400x1400-300x300.jpeg 300w, https:\/\/www.mayaelle.org\/fr\/wp-content\/uploads\/2025\/12\/7L0wRD5hApIWllWDHCv681Rm8GgnXm7fujdCtaqh_1400x1400-1024x1024.jpeg 1024w, https:\/\/www.mayaelle.org\/fr\/wp-content\/uploads\/2025\/12\/7L0wRD5hApIWllWDHCv681Rm8GgnXm7fujdCtaqh_1400x1400-768x768.jpeg 768w, https:\/\/www.mayaelle.org\/fr\/wp-content\/uploads\/2025\/12\/7L0wRD5hApIWllWDHCv681Rm8GgnXm7fujdCtaqh_1400x1400.jpeg 1400w\" sizes=\"auto, (max-width: 150px) 100vw, 150px\" \/><\/a><\/figure><\/div>\n\n\n\n<div class=\"wp-block-column is-vertically-aligned-center is-layout-flow wp-block-column-is-layout-flow\" style=\"flex-basis:72%\"><h2 style=\"font-size:clamp(0.984rem, 0.984rem + ((1vw - 0.2rem) * 0.86), 1.5rem);line-height:1.1;\" class=\"wp-block-post-title\"><a href=\"https:\/\/www.mayaelle.org\/fr\/2025\/12\/20\/pourquoi-on-tourne-en-boucle-sur-un-sujet\/\" target=\"_self\">Pourquoi on tourne en boucle sur un sujet ?<\/a><\/h2><\/div>\n\n\n\n<div class=\"wp-block-column is-vertically-aligned-center is-layout-flow wp-block-column-is-layout-flow\" style=\"flex-basis:28%\"><div class=\"has-text-align-right blockera-block blockera-block-skztq wp-block-post-date has-medium-font-size\"><time datetime=\"2025-12-20T04:00:00+01:00\">20 d\u00e9cembre 2025<\/time><\/div><\/div>\n<\/div>\n\n<\/li><li class=\"wp-block-post post-3053 post type-post status-publish format-standard has-post-thumbnail hentry category-podcast\">\n\n<hr class=\"wp-block-separator has-text-color has-contrast-3-color has-alpha-channel-opacity has-contrast-3-background-color has-background alignwide is-style-wide\"\/>\n\n\n\n<div class=\"wp-block-columns alignwide are-vertically-aligned-center is-layout-flex wp-container-core-columns-is-layout-33233fb6 wp-block-columns-is-layout-flex\" style=\"margin-top:var(--wp--preset--spacing--20);margin-bottom:var(--wp--preset--spacing--20)\">\n<div class=\"wp-block-column is-vertically-aligned-center is-layout-flow wp-block-column-is-layout-flow\" style=\"flex-basis:230px\"><figure style=\"aspect-ratio:auto;width:150px;height:150px; padding-top:0;padding-bottom:0;\" class=\"wp-block-post-featured-image wp-duotone-unset-9\"><a href=\"https:\/\/www.mayaelle.org\/fr\/2025\/12\/06\/etre-autiste-en-espagne\/\" target=\"_self\" style=\"height:150px\"><img loading=\"lazy\" decoding=\"async\" width=\"150\" height=\"150\" src=\"https:\/\/www.mayaelle.org\/fr\/wp-content\/uploads\/2025\/12\/eubuEEp43wALHITF4Fjbq03hTYYlK0DsrrfI7yiU_1400x1400-150x150.jpeg\" class=\"attachment-thumbnail size-thumbnail wp-post-image\" alt=\"Etre autiste en Espagne\" style=\"border-radius:0px;border-style:none;border-width:0px;width:100%;height:100%;object-fit:cover;\" srcset=\"https:\/\/www.mayaelle.org\/fr\/wp-content\/uploads\/2025\/12\/eubuEEp43wALHITF4Fjbq03hTYYlK0DsrrfI7yiU_1400x1400-150x150.jpeg 150w, https:\/\/www.mayaelle.org\/fr\/wp-content\/uploads\/2025\/12\/eubuEEp43wALHITF4Fjbq03hTYYlK0DsrrfI7yiU_1400x1400-300x300.jpeg 300w, https:\/\/www.mayaelle.org\/fr\/wp-content\/uploads\/2025\/12\/eubuEEp43wALHITF4Fjbq03hTYYlK0DsrrfI7yiU_1400x1400-1024x1024.jpeg 1024w, https:\/\/www.mayaelle.org\/fr\/wp-content\/uploads\/2025\/12\/eubuEEp43wALHITF4Fjbq03hTYYlK0DsrrfI7yiU_1400x1400-768x768.jpeg 768w, https:\/\/www.mayaelle.org\/fr\/wp-content\/uploads\/2025\/12\/eubuEEp43wALHITF4Fjbq03hTYYlK0DsrrfI7yiU_1400x1400.jpeg 1400w\" sizes=\"auto, (max-width: 150px) 100vw, 150px\" \/><\/a><\/figure><\/div>\n\n\n\n<div class=\"wp-block-column is-vertically-aligned-center is-layout-flow wp-block-column-is-layout-flow\" style=\"flex-basis:72%\"><h2 style=\"font-size:clamp(0.984rem, 0.984rem + ((1vw - 0.2rem) * 0.86), 1.5rem);line-height:1.1;\" class=\"wp-block-post-title\"><a href=\"https:\/\/www.mayaelle.org\/fr\/2025\/12\/06\/etre-autiste-en-espagne\/\" target=\"_self\">Etre autiste en Espagne<\/a><\/h2><\/div>\n\n\n\n<div class=\"wp-block-column is-vertically-aligned-center is-layout-flow wp-block-column-is-layout-flow\" style=\"flex-basis:28%\"><div class=\"has-text-align-right blockera-block blockera-block-skztq wp-block-post-date has-medium-font-size\"><time datetime=\"2025-12-06T07:27:11+01:00\">6 d\u00e9cembre 2025<\/time><\/div><\/div>\n<\/div>\n\n<\/li><li class=\"wp-block-post post-3022 post type-post status-publish format-standard has-post-thumbnail hentry category-podcast\">\n\n<hr class=\"wp-block-separator has-text-color has-contrast-3-color has-alpha-channel-opacity has-contrast-3-background-color has-background alignwide is-style-wide\"\/>\n\n\n\n<div class=\"wp-block-columns alignwide are-vertically-aligned-center is-layout-flex wp-container-core-columns-is-layout-33233fb6 wp-block-columns-is-layout-flex\" style=\"margin-top:var(--wp--preset--spacing--20);margin-bottom:var(--wp--preset--spacing--20)\">\n<div class=\"wp-block-column is-vertically-aligned-center is-layout-flow wp-block-column-is-layout-flow\" style=\"flex-basis:230px\"><figure style=\"aspect-ratio:auto;width:150px;height:150px; padding-top:0;padding-bottom:0;\" class=\"wp-block-post-featured-image wp-duotone-unset-10\"><a href=\"https:\/\/www.mayaelle.org\/fr\/2025\/11\/15\/trouver-et-garder-un-travail-soutenir-le-jeune-autiste\/\" target=\"_self\" style=\"height:150px\"><img loading=\"lazy\" decoding=\"async\" width=\"150\" height=\"150\" src=\"https:\/\/www.mayaelle.org\/fr\/wp-content\/uploads\/2025\/11\/vFhWASnQODSVqw8Wvv8MhVzeB99AGOz2eX5SXnAF_1400x1400-150x150.jpeg\" class=\"attachment-thumbnail size-thumbnail wp-post-image\" alt=\"Trouver et garder un travail: soutenir le jeune autiste\" style=\"border-radius:0px;border-style:none;border-width:0px;width:100%;height:100%;object-fit:cover;\" srcset=\"https:\/\/www.mayaelle.org\/fr\/wp-content\/uploads\/2025\/11\/vFhWASnQODSVqw8Wvv8MhVzeB99AGOz2eX5SXnAF_1400x1400-150x150.jpeg 150w, https:\/\/www.mayaelle.org\/fr\/wp-content\/uploads\/2025\/11\/vFhWASnQODSVqw8Wvv8MhVzeB99AGOz2eX5SXnAF_1400x1400-300x300.jpeg 300w, https:\/\/www.mayaelle.org\/fr\/wp-content\/uploads\/2025\/11\/vFhWASnQODSVqw8Wvv8MhVzeB99AGOz2eX5SXnAF_1400x1400-1024x1024.jpeg 1024w, https:\/\/www.mayaelle.org\/fr\/wp-content\/uploads\/2025\/11\/vFhWASnQODSVqw8Wvv8MhVzeB99AGOz2eX5SXnAF_1400x1400-768x768.jpeg 768w, https:\/\/www.mayaelle.org\/fr\/wp-content\/uploads\/2025\/11\/vFhWASnQODSVqw8Wvv8MhVzeB99AGOz2eX5SXnAF_1400x1400.jpeg 1400w\" sizes=\"auto, (max-width: 150px) 100vw, 150px\" \/><\/a><\/figure><\/div>\n\n\n\n<div class=\"wp-block-column is-vertically-aligned-center is-layout-flow wp-block-column-is-layout-flow\" style=\"flex-basis:72%\"><h2 style=\"font-size:clamp(0.984rem, 0.984rem + ((1vw - 0.2rem) * 0.86), 1.5rem);line-height:1.1;\" class=\"wp-block-post-title\"><a href=\"https:\/\/www.mayaelle.org\/fr\/2025\/11\/15\/trouver-et-garder-un-travail-soutenir-le-jeune-autiste\/\" target=\"_self\">Trouver et garder un travail: soutenir le jeune autiste<\/a><\/h2><\/div>\n\n\n\n<div class=\"wp-block-column is-vertically-aligned-center is-layout-flow wp-block-column-is-layout-flow\" style=\"flex-basis:28%\"><div class=\"has-text-align-right blockera-block blockera-block-skztq wp-block-post-date has-medium-font-size\"><time datetime=\"2025-11-15T06:20:10+01:00\">15 novembre 2025<\/time><\/div><\/div>\n<\/div>\n\n<\/li><li class=\"wp-block-post post-2983 post type-post status-publish format-standard has-post-thumbnail hentry category-podcast\">\n\n<hr class=\"wp-block-separator has-text-color has-contrast-3-color has-alpha-channel-opacity has-contrast-3-background-color has-background alignwide is-style-wide\"\/>\n\n\n\n<div class=\"wp-block-columns alignwide are-vertically-aligned-center is-layout-flex wp-container-core-columns-is-layout-33233fb6 wp-block-columns-is-layout-flex\" style=\"margin-top:var(--wp--preset--spacing--20);margin-bottom:var(--wp--preset--spacing--20)\">\n<div class=\"wp-block-column is-vertically-aligned-center is-layout-flow wp-block-column-is-layout-flow\" style=\"flex-basis:230px\"><figure style=\"aspect-ratio:auto;width:150px;height:150px; padding-top:0;padding-bottom:0;\" class=\"wp-block-post-featured-image wp-duotone-unset-11\"><a href=\"https:\/\/www.mayaelle.org\/fr\/2025\/11\/01\/comment-aider-mon-jeune-autiste-dans-sa-recherche-demploi\/\" target=\"_self\" style=\"height:150px\"><img loading=\"lazy\" decoding=\"async\" width=\"150\" height=\"150\" src=\"https:\/\/www.mayaelle.org\/fr\/wp-content\/uploads\/2025\/11\/nXFwmJLEF9J8QN3yvjErQCj8JLRNLRGXNavgZ3eo_1400x1400-150x150.jpeg\" class=\"attachment-thumbnail size-thumbnail wp-post-image\" alt=\"Comment aider mon jeune autiste dans sa recherche d&#8217;emploi\" style=\"border-radius:0px;border-style:none;border-width:0px;width:100%;height:100%;object-fit:cover;\" srcset=\"https:\/\/www.mayaelle.org\/fr\/wp-content\/uploads\/2025\/11\/nXFwmJLEF9J8QN3yvjErQCj8JLRNLRGXNavgZ3eo_1400x1400-150x150.jpeg 150w, https:\/\/www.mayaelle.org\/fr\/wp-content\/uploads\/2025\/11\/nXFwmJLEF9J8QN3yvjErQCj8JLRNLRGXNavgZ3eo_1400x1400-300x300.jpeg 300w, https:\/\/www.mayaelle.org\/fr\/wp-content\/uploads\/2025\/11\/nXFwmJLEF9J8QN3yvjErQCj8JLRNLRGXNavgZ3eo_1400x1400-1024x1024.jpeg 1024w, https:\/\/www.mayaelle.org\/fr\/wp-content\/uploads\/2025\/11\/nXFwmJLEF9J8QN3yvjErQCj8JLRNLRGXNavgZ3eo_1400x1400-768x768.jpeg 768w, https:\/\/www.mayaelle.org\/fr\/wp-content\/uploads\/2025\/11\/nXFwmJLEF9J8QN3yvjErQCj8JLRNLRGXNavgZ3eo_1400x1400.jpeg 1400w\" sizes=\"auto, (max-width: 150px) 100vw, 150px\" \/><\/a><\/figure><\/div>\n\n\n\n<div class=\"wp-block-column is-vertically-aligned-center is-layout-flow wp-block-column-is-layout-flow\" style=\"flex-basis:72%\"><h2 style=\"font-size:clamp(0.984rem, 0.984rem + ((1vw - 0.2rem) * 0.86), 1.5rem);line-height:1.1;\" class=\"wp-block-post-title\"><a href=\"https:\/\/www.mayaelle.org\/fr\/2025\/11\/01\/comment-aider-mon-jeune-autiste-dans-sa-recherche-demploi\/\" target=\"_self\">Comment aider mon jeune autiste dans sa recherche d&#8217;emploi<\/a><\/h2><\/div>\n\n\n\n<div class=\"wp-block-column is-vertically-aligned-center is-layout-flow wp-block-column-is-layout-flow\" style=\"flex-basis:28%\"><div class=\"has-text-align-right blockera-block blockera-block-skztq wp-block-post-date has-medium-font-size\"><time datetime=\"2025-11-01T04:00:00+01:00\">1 novembre 2025<\/time><\/div><\/div>\n<\/div>\n\n<\/li><li class=\"wp-block-post post-2897 post type-post status-publish format-standard has-post-thumbnail hentry category-podcast\">\n\n<hr class=\"wp-block-separator has-text-color has-contrast-3-color has-alpha-channel-opacity has-contrast-3-background-color has-background alignwide is-style-wide\"\/>\n\n\n\n<div class=\"wp-block-columns alignwide are-vertically-aligned-center is-layout-flex wp-container-core-columns-is-layout-33233fb6 wp-block-columns-is-layout-flex\" style=\"margin-top:var(--wp--preset--spacing--20);margin-bottom:var(--wp--preset--spacing--20)\">\n<div class=\"wp-block-column is-vertically-aligned-center is-layout-flow wp-block-column-is-layout-flow\" style=\"flex-basis:230px\"><figure style=\"aspect-ratio:auto;width:150px;height:150px; padding-top:0;padding-bottom:0;\" class=\"wp-block-post-featured-image wp-duotone-unset-12\"><a href=\"https:\/\/www.mayaelle.org\/fr\/2025\/10\/18\/la-pair-aidance-familiale-cest-quoi\/\" target=\"_self\" style=\"height:150px\"><img loading=\"lazy\" decoding=\"async\" width=\"150\" height=\"150\" src=\"https:\/\/www.mayaelle.org\/fr\/wp-content\/uploads\/2025\/10\/c3z0e4P7PUpqjS9Lh3nec1UA2eVdzhaaweKmav3o_1400x1400-150x150.jpeg\" class=\"attachment-thumbnail size-thumbnail wp-post-image\" alt=\"La pair-aidance familiale, c&rsquo;est quoi?\" style=\"border-radius:0px;border-style:none;border-width:0px;width:100%;height:100%;object-fit:cover;\" srcset=\"https:\/\/www.mayaelle.org\/fr\/wp-content\/uploads\/2025\/10\/c3z0e4P7PUpqjS9Lh3nec1UA2eVdzhaaweKmav3o_1400x1400-150x150.jpeg 150w, https:\/\/www.mayaelle.org\/fr\/wp-content\/uploads\/2025\/10\/c3z0e4P7PUpqjS9Lh3nec1UA2eVdzhaaweKmav3o_1400x1400-300x300.jpeg 300w, https:\/\/www.mayaelle.org\/fr\/wp-content\/uploads\/2025\/10\/c3z0e4P7PUpqjS9Lh3nec1UA2eVdzhaaweKmav3o_1400x1400-1024x1024.jpeg 1024w, https:\/\/www.mayaelle.org\/fr\/wp-content\/uploads\/2025\/10\/c3z0e4P7PUpqjS9Lh3nec1UA2eVdzhaaweKmav3o_1400x1400-768x768.jpeg 768w, https:\/\/www.mayaelle.org\/fr\/wp-content\/uploads\/2025\/10\/c3z0e4P7PUpqjS9Lh3nec1UA2eVdzhaaweKmav3o_1400x1400.jpeg 1400w\" sizes=\"auto, (max-width: 150px) 100vw, 150px\" \/><\/a><\/figure><\/div>\n\n\n\n<div class=\"wp-block-column is-vertically-aligned-center is-layout-flow wp-block-column-is-layout-flow\" style=\"flex-basis:72%\"><h2 style=\"font-size:clamp(0.984rem, 0.984rem + ((1vw - 0.2rem) * 0.86), 1.5rem);line-height:1.1;\" class=\"wp-block-post-title\"><a href=\"https:\/\/www.mayaelle.org\/fr\/2025\/10\/18\/la-pair-aidance-familiale-cest-quoi\/\" target=\"_self\">La pair-aidance familiale, c&rsquo;est quoi?<\/a><\/h2><\/div>\n\n\n\n<div class=\"wp-block-column is-vertically-aligned-center is-layout-flow wp-block-column-is-layout-flow\" style=\"flex-basis:28%\"><div class=\"has-text-align-right blockera-block blockera-block-skztq wp-block-post-date has-medium-font-size\"><time datetime=\"2025-10-18T04:00:00+02:00\">18 octobre 2025<\/time><\/div><\/div>\n<\/div>\n\n<\/li><\/ul>\n\n\n<div style=\"height:var(--wp--preset--spacing--30)\" aria-hidden=\"true\" class=\"wp-block-spacer\"><\/div>\n\n\n<nav class=\"wp-block-query-pagination is-content-justification-space-between is-layout-flex wp-container-core-query-pagination-is-layout-b2891da8 wp-block-query-pagination-is-layout-flex\" aria-label=\"Pagination\">\n\n\n<div class=\"wp-block-query-pagination-numbers\"><span aria-current=\"page\" class=\"page-numbers current\">1<\/span>\n<a class=\"page-numbers\" href=\"?query-65-page=2\">2<\/a>\n<a class=\"page-numbers\" href=\"?query-65-page=3\">3<\/a>\n<span class=\"page-numbers dots\">\u2026<\/span>\n<a class=\"page-numbers\" href=\"?query-65-page=5\">5<\/a><\/div>\n\n<a href=\"\/fr\/wp-json\/wp\/v2\/pages\/1381?query-65-page=2\" class=\"wp-block-query-pagination-next\">Page suivante<span class='wp-block-query-pagination-next-arrow is-arrow-arrow' aria-hidden='true'>\u2192<\/span><\/a>\n<\/nav>\n\n<\/div>\n<\/div>\n<\/div>\n","protected":false},"excerpt":{"rendered":"<p>\u00ab\u00a0Fais un effort!\u00a0\u00bb Les Chroniques du TSA, est un podcast qui parle d&rsquo;autisme sans d\u00e9ficience intellectuelle, voire avec HPI.Il s&rsquo;agit de d\u00e9coder un monde pour l&rsquo;autre&#8230; Maya, c&rsquo;est mon second pr\u00e9nom, et c&rsquo;est celui avec lequel je me pr\u00e9sente pour ce podcast. Tous les \u00e9pisodes sont ci-dessous. Vous pouvez aussi les \u00e9couter sur votre plateforme [&hellip;]<\/p>\n","protected":false},"author":1,"featured_media":0,"parent":0,"menu_order":0,"comment_status":"closed","ping_status":"closed","template":"","meta":{"footnotes":""},"class_list":["post-1381","page","type-page","status-publish","hentry"],"pbg_featured_image_src":{"full":false,"thumbnail":false,"medium":false,"medium_large":false,"large":false,"1536x1536":false,"2048x2048":false},"pbg_author_info":{"display_name":"admin","author_link":"https:\/\/www.mayaelle.org\/fr\/author\/admin\/","author_img":"<img src=\"https:\/\/www.mayaelle.org\/fr\/wp-content\/plugins\/profilegrid-user-profiles-groups-and-communities\/public\/\/partials\/images\/default-user.png\" width=\"128\" height=\"128\" class=\"user-profile-image\" \/>"},"pbg_comment_info":" No Comments","pbg_excerpt":"\u00ab\u00a0Fais un effort!\u00a0\u00bb Les Chroniques du TSA, est un podcast qui parle d&rsquo;autisme sans d\u00e9ficience intellectuelle, voire avec HPI.Il s&rsquo;agit de d\u00e9coder un monde pour l&rsquo;autre&#8230; Maya, c&rsquo;est mon second pr\u00e9nom, et c&rsquo;est celui avec lequel je me pr\u00e9sente pour ce podcast. Tous les \u00e9pisodes sont ci-dessous. Vous pouvez aussi les \u00e9couter sur votre plateforme\u2026","_links":{"self":[{"href":"https:\/\/www.mayaelle.org\/fr\/wp-json\/wp\/v2\/pages\/1381","targetHints":{"allow":["GET"]}}],"collection":[{"href":"https:\/\/www.mayaelle.org\/fr\/wp-json\/wp\/v2\/pages"}],"about":[{"href":"https:\/\/www.mayaelle.org\/fr\/wp-json\/wp\/v2\/types\/page"}],"author":[{"embeddable":true,"href":"https:\/\/www.mayaelle.org\/fr\/wp-json\/wp\/v2\/users\/1"}],"replies":[{"embeddable":true,"href":"https:\/\/www.mayaelle.org\/fr\/wp-json\/wp\/v2\/comments?post=1381"}],"version-history":[{"count":9,"href":"https:\/\/www.mayaelle.org\/fr\/wp-json\/wp\/v2\/pages\/1381\/revisions"}],"predecessor-version":[{"id":3230,"href":"https:\/\/www.mayaelle.org\/fr\/wp-json\/wp\/v2\/pages\/1381\/revisions\/3230"}],"wp:attachment":[{"href":"https:\/\/www.mayaelle.org\/fr\/wp-json\/wp\/v2\/media?parent=1381"}],"curies":[{"name":"wp","href":"https:\/\/api.w.org\/{rel}","templated":true}]}}